{"id":2679,"date":"2023-07-27T13:22:57","date_gmt":"2023-07-27T17:22:57","guid":{"rendered":"https:\/\/cog-01.eproofs.ca\/sample-page\/"},"modified":"2023-09-25T11:23:16","modified_gmt":"2023-09-25T15:23:16","slug":"home-fr","status":"publish","type":"page","link":"https:\/\/cog.ca\/fr\/","title":{"rendered":"Home FR"},"content":{"rendered":"\n<div class=\"wp-block-group alignfull has-theme-light-background-color has-background is-layout-constrained wp-block-group-is-layout-constrained\">\n<div class=\"wp-block-columns alignwide is-layout-flex wp-container-core-columns-is-layout-8f761849 wp-block-columns-is-layout-flex\">\n<div class=\"wp-block-column is-layout-flow wp-block-column-is-layout-flow\">\n<figure class=\"wp-block-embed is-type-video is-provider-youtube wp-block-embed-youtube wp-embed-aspect-16-9 wp-has-aspect-ratio front-page-video\"><div class=\"wp-block-embed__wrapper\">\n<iframe loading=\"lazy\" title=\"COG Promotional Video (2 Mins)\" width=\"1778\" height=\"1000\" src=\"https:\/\/www.youtube.com\/embed\/oYPTUuoKUdg?feature=oembed\" frameborder=\"0\" allow=\"accelerometer; autoplay; clipboard-write; encrypted-media; gyroscope; picture-in-picture; web-share\" allowfullscreen><\/iframe>\n<\/div><\/figure>\n<\/div>\n\n\n\n<div class=\"wp-block-column is-layout-flow wp-block-column-is-layout-flow\">\n<h2 class=\"wp-block-heading\">\u00c0 propos des Cultivons Biologique Canada<\/h2>\n\n\n\n<hr class=\"wp-block-separator has-alpha-channel-opacity is-style-accent\"\/>\n\n\n\n<p class=\"wp-block-paragraph\">COG fait de la sensibilisation, d\u00e9fend et prend l&rsquo;initiative de concevoir un syst\u00e8me agricole au b\u00e9n\u00e9fice des agriculteurs et des consommateurs, qui am\u00e9liore la sant\u00e9 humaine, qui rapproche les communaut\u00e9s et qui combat les changements climatiques tout en augmentant la souverainet\u00e9 alimentaire du Canada.<\/p>\n\n\n\n<div class=\"wp-block-buttons has-custom-font-size has-theme-small-font-size is-layout-flex wp-block-buttons-is-layout-flex\">\n<div class=\"wp-block-button\"><a class=\"wp-block-button__link has-inner-accent-background-color has-background wp-element-button\" href=\"https:\/\/cog.ca\/fr\/about\/\">Lire la suite<\/a><\/div>\n<\/div>\n<\/div>\n<\/div>\n<\/div>\n\n\n\n<div class=\"wp-block-group alignfull has-theme-grey-background-color has-background is-layout-constrained wp-block-group-is-layout-constrained\">\n<div class=\"wp-block-group is-style-none is-layout-constrained wp-container-core-group-is-layout-47bbdde0 wp-block-group-is-layout-constrained\">\n<h2 class=\"wp-block-heading has-text-align-center\">Ressources utiles<\/h2>\n\n\n\n<hr class=\"wp-block-separator has-alpha-channel-opacity is-style-accent-center\"\/>\n<\/div>\n\n\n\n<div class=\"wp-block-eup-blocks-cards alignwide cards--wrapper is-grid graphic-icon orientation-vertical alignment-left design-border size-medium\"><div class=\"cards--inner\">\n<div class=\"wp-block-eup-blocks-card card--wrapper\"><div class=\"card-header\"><div class=\"card-image--wrapper\"><img decoding=\"async\" class=\"card-image\" src=\"https:\/\/cog.ca\/wp-content\/uploads\/2023\/07\/resource-hub.png\" alt=\"\" data-id=\"87\"\/><\/div><div class=\"card-header--text\"><div class=\"card-title\">Biologiquement Canadien<\/div><\/div><\/div><div class=\"card-content\"><div class=\"card-desc\">Consommateurs: il est temps de choisir le bio pour un monde plus sain, plus vert et plus juste.<\/div><div class=\"card-more\"><a href=\"https:\/\/cog.ca\/fr\/consumer-hub\/\">Lire la suite<\/a><\/div><\/div><\/div>\n\n\n\n<div class=\"wp-block-eup-blocks-card card--wrapper\"><div class=\"card-header\"><div class=\"card-image--wrapper\"><img decoding=\"async\" class=\"card-image\" src=\"https:\/\/cog.ca\/wp-content\/uploads\/2023\/07\/Custom.png\" alt=\"\" data-id=\"84\"\/><\/div><div class=\"card-header--text\"><div class=\"card-title\">Ressources Agricoles<\/div><\/div><\/div><div class=\"card-content\"><div class=\"card-desc\">COG soutient les agriculteurs : cultivons ensemble de mani\u00e8re biologique..<\/div><div class=\"card-more\"><a href=\"https:\/\/cog.ca\/fr\/grow-organic\/\">lire la suite<\/a><\/div><\/div><\/div>\n\n\n\n<div class=\"wp-block-eup-blocks-card card--wrapper\"><div class=\"card-header\"><div class=\"card-image--wrapper\"><img decoding=\"async\" class=\"card-image\" src=\"https:\/\/cog.ca\/wp-content\/uploads\/2023\/07\/Custom-1.png\" alt=\"\" data-id=\"88\"\/><\/div><div class=\"card-header--text\"><div class=\"card-title\">Programmes<\/div><\/div><\/div><div class=\"card-content\"><div class=\"card-desc\">Nous travaillons avec des producteurs engag\u00e9s dans des pratiques \u00e9cologiques.<\/div><div class=\"card-more\"><a href=\"https:\/\/cog.ca\/fr\/programs\/\">lire la suite<\/a><\/div><\/div><\/div>\n\n\n\n<div class=\"wp-block-eup-blocks-card card--wrapper\"><div class=\"card-header\"><div class=\"card-image--wrapper\"><img decoding=\"async\" class=\"card-image\" src=\"https:\/\/cog.ca\/wp-content\/uploads\/2023\/07\/event.png\" alt=\"\" data-id=\"89\"\/><\/div><div class=\"card-header--text\"><div class=\"card-title\">Soumettre un \u00e9v\u00e9nement<\/div><\/div><\/div><div class=\"card-content\"><div class=\"card-desc\">Vous organisez un \u00e9v\u00e9nement sur l&rsquo;agriculture \u00e9cologique au Canada? Soumettez votre \u00e9v\u00e9nement \u00e0 notre calendrier national.<\/div><div class=\"card-more\"><a href=\"https:\/\/cog.ca\/fr\/events\/submit-an-event\/\">lire la suite<\/a><\/div><\/div><\/div>\n<\/div><\/div>\n<\/div>\n\n\n\n<div class=\"wp-block-group alignfull has-theme-light-background-color has-background is-layout-constrained wp-block-group-is-layout-constrained\">\n<h2 class=\"wp-block-heading has-text-align-center\">Nouvelles<\/h2>\n\n\n\n<hr class=\"wp-block-separator has-alpha-channel-opacity is-style-accent-center\"\/>\n\n\n\r\n\t\t\t<div class=\"wp-block-eup-blocks-posts alignwide cards--wrapper is-grid graphic-image orientation-vertical alignment-left design-flat size-large\">\r\n\t\t\r\n\t<div class=\"cards--inner\">\r\n\r\n\t\r\n\t<div class=\"card--wrapper\">\r\n\r\n\t\t<div class=\"card-header\">\r\n\t\t\t\t\t\t<a href=\"https:\/\/cog.ca\/fr\/blog\/liste-des-evenements-de-septembre-2026\/\" class=\"card-image--wrapper\">\r\n\t\t\t\t<img src=\"https:\/\/cog.ca\/wp-content\/uploads\/2026\/08\/September-240x300.png\" decoding=\"async\" loading=\"lazy\"\r\n\t\t srcset=\"https:\/\/cog.ca\/wp-content\/uploads\/2026\/08\/September-240x300.png 240w, https:\/\/cog.ca\/wp-content\/uploads\/2026\/08\/September-819x1024.png 819w, https:\/\/cog.ca\/wp-content\/uploads\/2026\/08\/September.png 1080w\"\r\n\t\t sizes=\"(max-width: 240px) 100vw, 240px\">\t\t\t<\/a>\r\n\t\t\t\t\t\t<div class=\"card-header--text\">\r\n\t\t\t\t<div class=\"card-meta\">\r\n\t\t\t\t\t<span class=\"meta-item category\">Blog,Nouvelles<\/span>\r\n\t\t\t\t\t<span class=\"meta-item\">ao\u00fbt 31, 2026<\/span>\r\n\t\t\t\t<\/div>\r\n\t\t\t\t<a href=\"https:\/\/cog.ca\/fr\/blog\/liste-des-evenements-de-septembre-2026\/\" class=\"card-title\">Liste des \u00e9v\u00e9nements de septembre 2026<\/a>\r\n\t\t\t<\/div>\r\n\t\t<\/div>\r\n\r\n\t\t<div class=\"card-content\">\r\n\t\t\t<div class=\"card-desc\"><p>De nombreux \u00e9v\u00e9nements int\u00e9ressants consacr\u00e9s \u00e0 l&rsquo;agriculture biologique, r\u00e9g\u00e9n\u00e9rative et \u00e9cologique auront lieu en septembre, et nous sommes ravis de vous les pr\u00e9senter ici! <\/p>\n<\/div>\r\n\t\t\t<a href=\"https:\/\/cog.ca\/fr\/blog\/liste-des-evenements-de-septembre-2026\/\" class=\"card-more\">En savoir plus<\/a>\r\n\t\t<\/div>\r\n\r\n\t<\/div>\r\n\r\n\t\r\n\t<div class=\"card--wrapper\">\r\n\r\n\t\t<div class=\"card-header\">\r\n\t\t\t\t\t\t<a href=\"https:\/\/cog.ca\/fr\/blog\/avoine-biologique-regeneratrice-roo-journee-de-demonstration-agricole-pleasant-valley-ranch-corp-schill-family-farm-et-top-of-the-hill-farm\/\" class=\"card-image--wrapper\">\r\n\t\t\t\t<img src=\"https:\/\/cog.ca\/wp-content\/uploads\/2026\/08\/Feature-Photo-Size-24-300x169.png\" decoding=\"async\" loading=\"lazy\"\r\n\t\t srcset=\"https:\/\/cog.ca\/wp-content\/uploads\/2026\/08\/Feature-Photo-Size-24-300x169.png 300w, https:\/\/cog.ca\/wp-content\/uploads\/2026\/08\/Feature-Photo-Size-24-1024x576.png 1024w, https:\/\/cog.ca\/wp-content\/uploads\/2026\/08\/Feature-Photo-Size-24.png 1920w\"\r\n\t\t sizes=\"(max-width: 300px) 100vw, 300px\">\t\t\t<\/a>\r\n\t\t\t\t\t\t<div class=\"card-header--text\">\r\n\t\t\t\t<div class=\"card-meta\">\r\n\t\t\t\t\t<span class=\"meta-item category\">Blog,Nouvelles<\/span>\r\n\t\t\t\t\t<span class=\"meta-item\">ao\u00fbt 27, 2026<\/span>\r\n\t\t\t\t<\/div>\r\n\t\t\t\t<a href=\"https:\/\/cog.ca\/fr\/blog\/avoine-biologique-regeneratrice-roo-journee-de-demonstration-agricole-pleasant-valley-ranch-corp-schill-family-farm-et-top-of-the-hill-farm\/\" class=\"card-title\">Avoine biologique r\u00e9g\u00e9n\u00e9ratrice (ROO) journ\u00e9e de d\u00e9monstration agricole Pleasant Valley Ranch Corp., Schill Family Farm et Top of the Hill Farm<\/a>\r\n\t\t\t<\/div>\r\n\t\t<\/div>\r\n\r\n\t\t<div class=\"card-content\">\r\n\t\t\t<div class=\"card-desc\"><p>Cultivons Biologique Canada (COG) et nos partenaires des Prairies ont co-organis\u00e9 cette ann\u00e9e des journ\u00e9es de terrain en Saskatchewan et au Manitoba dans le cadre de notre programme Avoine biologique r\u00e9g\u00e9n\u00e9ratrice (ROO). Le programme ROO est notre initiative prim\u00e9e, ax\u00e9e sur les agriculteurs, con\u00e7ue pour soutenir les producteurs des Prairies souhaitant se tourner vers une [&hellip;]<\/p>\n<\/div>\r\n\t\t\t<a href=\"https:\/\/cog.ca\/fr\/blog\/avoine-biologique-regeneratrice-roo-journee-de-demonstration-agricole-pleasant-valley-ranch-corp-schill-family-farm-et-top-of-the-hill-farm\/\" class=\"card-more\">En savoir plus<\/a>\r\n\t\t<\/div>\r\n\r\n\t<\/div>\r\n\r\n\t\r\n\t<div class=\"card--wrapper\">\r\n\r\n\t\t<div class=\"card-header\">\r\n\t\t\t\t\t\t<a href=\"https:\/\/cog.ca\/fr\/blog\/au-dela-dottawa-cog-propose-des-activites-pedagogiques-pratiques-sur-lalimentation-et-lagriculture-dans-la-region-de-peel\/\" class=\"card-image--wrapper\">\r\n\t\t\t\t<img src=\"https:\/\/cog.ca\/wp-content\/uploads\/2026\/08\/IMG_2220-300x225.jpeg\" decoding=\"async\" loading=\"lazy\"\r\n\t\t srcset=\"https:\/\/cog.ca\/wp-content\/uploads\/2026\/08\/IMG_2220-300x225.jpeg 300w, https:\/\/cog.ca\/wp-content\/uploads\/2026\/08\/IMG_2220-1024x768.jpeg 1024w, https:\/\/cog.ca\/wp-content\/uploads\/2026\/08\/IMG_2220-scaled.jpeg 1920w\"\r\n\t\t sizes=\"(max-width: 300px) 100vw, 300px\">\t\t\t<\/a>\r\n\t\t\t\t\t\t<div class=\"card-header--text\">\r\n\t\t\t\t<div class=\"card-meta\">\r\n\t\t\t\t\t<span class=\"meta-item category\">Blog,\u00c9ducation<\/span>\r\n\t\t\t\t\t<span class=\"meta-item\">ao\u00fbt 17, 2026<\/span>\r\n\t\t\t\t<\/div>\r\n\t\t\t\t<a href=\"https:\/\/cog.ca\/fr\/blog\/au-dela-dottawa-cog-propose-des-activites-pedagogiques-pratiques-sur-lalimentation-et-lagriculture-dans-la-region-de-peel\/\" class=\"card-title\">Au-del\u00e0 d\u2019Ottawa : COG propose des activit\u00e9s p\u00e9dagogiques pratiques sur l\u2019alimentation et l\u2019agriculture dans la r\u00e9gion de Peel<\/a>\r\n\t\t\t<\/div>\r\n\t\t<\/div>\r\n\r\n\t\t<div class=\"card-content\">\r\n\t\t\t<div class=\"card-desc\"><p>Au printemps 2026, l\u2019association Cultivons Biologique Canada (COG) a franchi une \u00e9tape importante en \u00e9tendant pour la premi\u00e8re fois son programme Visites en classe et \u00e0 la ferme RBC au-del\u00e0 d\u2019Ottawa, en Ontario &#8211; \u00e9largit les possibilit\u00e9s offertes aux enfants et aux jeunes de tout le Canada d\u2019en apprendre davantage sur l\u2019alimentation saine, l\u2019agriculture et l\u2019environnement par le biais d\u2019exp\u00e9riences pratiques aupr\u00e8s d\u2019agriculteurs\/trices locaux.<\/p>\n<\/div>\r\n\t\t\t<a href=\"https:\/\/cog.ca\/fr\/blog\/au-dela-dottawa-cog-propose-des-activites-pedagogiques-pratiques-sur-lalimentation-et-lagriculture-dans-la-region-de-peel\/\" class=\"card-more\">En savoir plus<\/a>\r\n\t\t<\/div>\r\n\r\n\t<\/div>\r\n\r\n\t\r\n\t<div class=\"card--wrapper\">\r\n\r\n\t\t<div class=\"card-header\">\r\n\t\t\t\t\t\t<a href=\"https:\/\/cog.ca\/fr\/blog\/le-cog-fait-valoir-ses-priorites-en-matiere-dagriculture-biologique-lors-des-debats-sur-la-politique-nationale-a-halifax\/\" class=\"card-image--wrapper\">\r\n\t\t\t\t<img src=\"https:\/\/cog.ca\/wp-content\/uploads\/2026\/08\/Feature-Photo-Size-22-300x169.png\" decoding=\"async\" loading=\"lazy\"\r\n\t\t srcset=\"https:\/\/cog.ca\/wp-content\/uploads\/2026\/08\/Feature-Photo-Size-22-300x169.png 300w, https:\/\/cog.ca\/wp-content\/uploads\/2026\/08\/Feature-Photo-Size-22-1024x576.png 1024w, https:\/\/cog.ca\/wp-content\/uploads\/2026\/08\/Feature-Photo-Size-22.png 1920w\"\r\n\t\t sizes=\"(max-width: 300px) 100vw, 300px\">\t\t\t<\/a>\r\n\t\t\t\t\t\t<div class=\"card-header--text\">\r\n\t\t\t\t<div class=\"card-meta\">\r\n\t\t\t\t\t<span class=\"meta-item category\">Blog,Nouvelles<\/span>\r\n\t\t\t\t\t<span class=\"meta-item\">ao\u00fbt 5, 2026<\/span>\r\n\t\t\t\t<\/div>\r\n\t\t\t\t<a href=\"https:\/\/cog.ca\/fr\/blog\/le-cog-fait-valoir-ses-priorites-en-matiere-dagriculture-biologique-lors-des-debats-sur-la-politique-nationale-a-halifax\/\" class=\"card-title\">Le COG fait valoir ses priorit\u00e9s en mati\u00e8re d&rsquo;agriculture biologique lors des d\u00e9bats sur la politique nationale \u00e0 Halifax<\/a>\r\n\t\t\t<\/div>\r\n\t\t<\/div>\r\n\r\n\t\t<div class=\"card-content\">\r\n\t\t\t<div class=\"card-desc\"><p>Cultivons Biologique Canada (COG) a particip\u00e9 \u00e0 la r\u00e9union estivale et au sommet politique de la F\u00e9d\u00e9ration canadienne de l&rsquo;agriculture, qui se sont tenus \u00e0 Halifax en juillet dernier.<\/p>\n<\/div>\r\n\t\t\t<a href=\"https:\/\/cog.ca\/fr\/blog\/le-cog-fait-valoir-ses-priorites-en-matiere-dagriculture-biologique-lors-des-debats-sur-la-politique-nationale-a-halifax\/\" class=\"card-more\">En savoir plus<\/a>\r\n\t\t<\/div>\r\n\r\n\t<\/div>\r\n\r\n\t\r\n\t<div class=\"card--wrapper\">\r\n\r\n\t\t<div class=\"card-header\">\r\n\t\t\t\t\t\t<a href=\"https:\/\/cog.ca\/fr\/blog\/liste-des-evenements-de-aout-2026\/\" class=\"card-image--wrapper\">\r\n\t\t\t\t<img src=\"https:\/\/cog.ca\/wp-content\/uploads\/2026\/07\/August-240x300.png\" decoding=\"async\" loading=\"lazy\"\r\n\t\t srcset=\"https:\/\/cog.ca\/wp-content\/uploads\/2026\/07\/August-240x300.png 240w, https:\/\/cog.ca\/wp-content\/uploads\/2026\/07\/August-819x1024.png 819w, https:\/\/cog.ca\/wp-content\/uploads\/2026\/07\/August.png 1080w\"\r\n\t\t sizes=\"(max-width: 240px) 100vw, 240px\">\t\t\t<\/a>\r\n\t\t\t\t\t\t<div class=\"card-header--text\">\r\n\t\t\t\t<div class=\"card-meta\">\r\n\t\t\t\t\t<span class=\"meta-item category\">Blog,Nouvelles<\/span>\r\n\t\t\t\t\t<span class=\"meta-item\">juillet 30, 2026<\/span>\r\n\t\t\t\t<\/div>\r\n\t\t\t\t<a href=\"https:\/\/cog.ca\/fr\/blog\/liste-des-evenements-de-aout-2026\/\" class=\"card-title\">Liste des \u00e9v\u00e9nements de ao\u00fbt 2026<\/a>\r\n\t\t\t<\/div>\r\n\t\t<\/div>\r\n\r\n\t\t<div class=\"card-content\">\r\n\t\t\t<div class=\"card-desc\"><p>De nombreux \u00e9v\u00e9nements int\u00e9ressants consacr\u00e9s \u00e0 l&rsquo;agriculture biologique, r\u00e9g\u00e9n\u00e9rative et \u00e9cologique auront lieu en ao\u00fbt, et nous sommes ravis de vous les pr\u00e9senter ici! <\/p>\n<\/div>\r\n\t\t\t<a href=\"https:\/\/cog.ca\/fr\/blog\/liste-des-evenements-de-aout-2026\/\" class=\"card-more\">En savoir plus<\/a>\r\n\t\t<\/div>\r\n\r\n\t<\/div>\r\n\r\n\t\r\n\t<div class=\"card--wrapper\">\r\n\r\n\t\t<div class=\"card-header\">\r\n\t\t\t\t\t\t<a href=\"https:\/\/cog.ca\/fr\/blog\/roulage-des-cultures-de-couverture-lexperience-dune-exploitation-agricole-de-roo\/\" class=\"card-image--wrapper\">\r\n\t\t\t\t<img src=\"https:\/\/cog.ca\/wp-content\/uploads\/2026\/07\/88e08f4d-be93-44f6-a1a4-d2da6e5b83c7-300x225.jpg\" decoding=\"async\" loading=\"lazy\"\r\n\t\t srcset=\"https:\/\/cog.ca\/wp-content\/uploads\/2026\/07\/88e08f4d-be93-44f6-a1a4-d2da6e5b83c7-300x225.jpg 300w, https:\/\/cog.ca\/wp-content\/uploads\/2026\/07\/88e08f4d-be93-44f6-a1a4-d2da6e5b83c7-1024x768.jpg 1024w, https:\/\/cog.ca\/wp-content\/uploads\/2026\/07\/88e08f4d-be93-44f6-a1a4-d2da6e5b83c7.jpg 1600w\"\r\n\t\t sizes=\"(max-width: 300px) 100vw, 300px\">\t\t\t<\/a>\r\n\t\t\t\t\t\t<div class=\"card-header--text\">\r\n\t\t\t\t<div class=\"card-meta\">\r\n\t\t\t\t\t<span class=\"meta-item category\">Blog,Nouvelles<\/span>\r\n\t\t\t\t\t<span class=\"meta-item\">juillet 27, 2026<\/span>\r\n\t\t\t\t<\/div>\r\n\t\t\t\t<a href=\"https:\/\/cog.ca\/fr\/blog\/roulage-des-cultures-de-couverture-lexperience-dune-exploitation-agricole-de-roo\/\" class=\"card-title\">Roulage des cultures de couverture : l&rsquo;exp\u00e9rience d&rsquo;une exploitation agricole de ROO<\/a>\r\n\t\t\t<\/div>\r\n\t\t<\/div>\r\n\r\n\t\t<div class=\"card-content\">\r\n\t\t\t<div class=\"card-desc\"><p>Dans les syst\u00e8mes agricoles biologiques r\u00e9g\u00e9n\u00e9ratifs, les cultures de couverture favorisent la biodiversit\u00e9, limitent les perturbations et permettent de maintenir des racines vivantes dans le sol pendant plus longtemps. Cependant, l\u2019\u00e9limination de ces cultures de couverture constitue un d\u00e9fi majeur dans les syst\u00e8mes r\u00e9g\u00e9n\u00e9ratifs et \u00e0 travail r\u00e9duit du sol. Le broyage au rouleau est [&hellip;]<\/p>\n<\/div>\r\n\t\t\t<a href=\"https:\/\/cog.ca\/fr\/blog\/roulage-des-cultures-de-couverture-lexperience-dune-exploitation-agricole-de-roo\/\" class=\"card-more\">En savoir plus<\/a>\r\n\t\t<\/div>\r\n\r\n\t<\/div>\r\n\r\n\t\t\r\n\t<\/div>\r\n\t<\/div>\r\n\r\n\n\n\n<div class=\"wp-block-buttons has-custom-font-size has-theme-small-font-size is-content-justification-center is-layout-flex wp-container-core-buttons-is-layout-fe48e5de wp-block-buttons-is-layout-flex\">\n<div class=\"wp-block-button\"><a class=\"wp-block-button__link has-inner-accent-background-color has-background wp-element-button\">View More News<\/a><\/div>\n<\/div>\n<\/div>\n\n\n\n<div class=\"wp-block-group alignfull has-theme-grey-background-color has-background is-layout-constrained wp-block-group-is-layout-constrained\">\n<h2 class=\"wp-block-heading has-text-align-center\">Events<\/h2>\n\n\n\n<hr class=\"wp-block-separator has-alpha-channel-opacity is-style-accent-center\"\/>\n\n\n\n\n\n<div class=\"wp-block-buttons is-content-justification-center is-layout-flex wp-container-core-buttons-is-layout-fe48e5de wp-block-buttons-is-layout-flex\">\n<div class=\"wp-block-button\"><a class=\"wp-block-button__link has-inner-accent-background-color has-background wp-element-button\" href=\"https:\/\/cog.ca\/fr\/events\/\">tous les \u00e9v\u00e8nements<\/a><\/div>\n<\/div>\n<\/div>\n\n\n\n<div class=\"wp-block-group alignfull has-theme-primary-background-color has-background is-layout-constrained wp-block-group-is-layout-constrained\">\n<div class=\"wp-block-columns alignwide are-vertically-aligned-center is-layout-flex wp-container-core-columns-is-layout-8f761849 wp-block-columns-is-layout-flex\">\n<div class=\"wp-block-column is-vertically-aligned-center is-layout-flow wp-block-column-is-layout-flow\">\n<h2 class=\"wp-block-heading\">Devenir Membre<\/h2>\n\n\n\n<hr class=\"wp-block-separator has-alpha-channel-opacity is-style-accent\"\/>\n\n\n\n<p class=\"wp-block-paragraph\">Soutenir les agriculteurs canadiens qui construisent un syst\u00e8me agricole et alimentaire r\u00e9g\u00e9n\u00e9rateur et r\u00e9silient. Nos membres sont le c\u0153ur et l&rsquo;\u00e2me du CBC. Vous \u00eates notre communaut\u00e9, notre source de sagesse et de connaissances.<\/p>\n\n\n\n<p class=\"wp-block-paragraph\"><strong>Pour plus d&rsquo;informations :<\/strong><\/p>\n\n\n\n<div class=\"wp-block-buttons has-custom-font-size has-theme-small-font-size is-layout-flex wp-block-buttons-is-layout-flex\">\n<div class=\"wp-block-button\"><a class=\"wp-block-button__link has-inner-accent-background-color has-background wp-element-button\" href=\"https:\/\/cog.ca\/fr\/become-a-member\/\">Learn More<\/a><\/div>\n<\/div>\n<\/div>\n\n\n\n<div class=\"wp-block-column is-vertically-aligned-center is-layout-flow wp-block-column-is-layout-flow\">\n<figure class=\"wp-block-image alignfull size-full\"><img loading=\"lazy\" decoding=\"async\" width=\"695\" height=\"420\" src=\"https:\/\/cog.ca\/wp-content\/uploads\/2023\/08\/become-member.jpg\" alt=\"\" class=\"wp-image-112\" srcset=\"https:\/\/cog.ca\/wp-content\/uploads\/2023\/08\/become-member.jpg 695w, https:\/\/cog.ca\/wp-content\/uploads\/2023\/08\/become-member-300x181.jpg 300w\" sizes=\"auto, (max-width: 695px) 100vw, 695px\" \/><\/figure>\n<\/div>\n<\/div>\n<\/div>\n\n\n\n<div class=\"wp-block-group alignfull is-layout-constrained wp-block-group-is-layout-constrained\">\n<h2 class=\"wp-block-heading has-text-align-center\">Sponsors<\/h2>\n\n\n\n<hr class=\"wp-block-separator has-alpha-channel-opacity is-style-accent-center\"\/>\n\n\n\n<figure class=\"wp-block-gallery alignwide has-nested-images columns-3 is-cropped is-style-logo-rotate wp-block-gallery-1 is-layout-flex wp-block-gallery-is-layout-flex\">\n<figure class=\"wp-block-image size-large\"><img loading=\"lazy\" decoding=\"async\" width=\"166\" height=\"127\" data-id=\"116\" src=\"https:\/\/cog.ca\/wp-content\/uploads\/2023\/08\/image-2.png\" alt=\"\" class=\"wp-image-116\"\/><\/figure>\n\n\n\n<figure class=\"wp-block-image size-large\"><img loading=\"lazy\" decoding=\"async\" width=\"191\" height=\"71\" data-id=\"117\" src=\"https:\/\/cog.ca\/wp-content\/uploads\/2023\/08\/image-3.png\" alt=\"\" class=\"wp-image-117\"\/><\/figure>\n\n\n\n<figure class=\"wp-block-image size-large\"><img loading=\"lazy\" decoding=\"async\" width=\"191\" height=\"67\" data-id=\"118\" src=\"https:\/\/cog.ca\/wp-content\/uploads\/2023\/08\/image-4.png\" alt=\"\" class=\"wp-image-118\"\/><\/figure>\n\n\n\n<figure class=\"wp-block-image size-large\"><img loading=\"lazy\" decoding=\"async\" width=\"184\" height=\"113\" data-id=\"119\" src=\"https:\/\/cog.ca\/wp-content\/uploads\/2023\/08\/image-5.png\" alt=\"\" class=\"wp-image-119\"\/><\/figure>\n<\/figure>\n<\/div>\n","protected":false},"excerpt":{"rendered":"<p>\u00c0 propos des Cultivons Biologique Canada COG fait de la sensibilisation, d\u00e9fend et prend l&rsquo;initiative de concevoir un syst\u00e8me agricole au b\u00e9n\u00e9fice des agriculteurs et des consommateurs, qui am\u00e9liore la sant\u00e9 humaine, qui rapproche les communaut\u00e9s et qui combat les changements climatiques tout en augmentant la souverainet\u00e9 alimentaire du Canada. Ressources utiles Nouvelles Events Devenir [&hellip;]<\/p>\n","protected":false},"author":1,"featured_media":0,"parent":0,"menu_order":1,"comment_status":"closed","ping_status":"closed","template":"","meta":{"inline_featured_image":false,"footnotes":""},"class_list":["post-2679","page","type-page","status-publish","hentry"],"better_featured_image":null,"acf":[],"yoast_head":"<!-- This site is optimized with the Yoast SEO plugin v21.2 - https:\/\/yoast.com\/wordpress\/plugins\/seo\/ -->\n<title>Cultivons Biologique Canada<\/title>\n<meta name=\"robots\" content=\"index, follow, max-snippet:-1, max-image-preview:large, max-video-preview:-1\" \/>\n<link rel=\"canonical\" href=\"https:\/\/cog.ca\/fr\/\" \/>\n<meta property=\"og:locale\" content=\"fr_FR\" \/>\n<meta property=\"og:type\" content=\"article\" \/>\n<meta property=\"og:title\" content=\"Cultivons Biologique Canada\" \/>\n<meta property=\"og:description\" content=\"\u00c0 propos des Cultivons Biologique Canada COG fait de la sensibilisation, d\u00e9fend et prend l&rsquo;initiative de concevoir un syst\u00e8me agricole au b\u00e9n\u00e9fice des agriculteurs et des consommateurs, qui am\u00e9liore la sant\u00e9 humaine, qui rapproche les communaut\u00e9s et qui combat les changements climatiques tout en augmentant la souverainet\u00e9 alimentaire du Canada. Ressources utiles Nouvelles Events Devenir [&hellip;]\" \/>\n<meta property=\"og:url\" content=\"https:\/\/cog.ca\/fr\/\" \/>\n<meta property=\"og:site_name\" content=\"Cultivons Biologique Canada\" \/>\n<meta property=\"article:modified_time\" content=\"2023-09-25T15:23:16+00:00\" \/>\n<meta property=\"og:image\" content=\"https:\/\/cog.ca\/wp-content\/uploads\/2023\/07\/resource-hub.png\" \/>\n<meta name=\"twitter:card\" content=\"summary_large_image\" \/>\n<meta name=\"twitter:label1\" content=\"Dur\u00e9e de lecture estim\u00e9e\" \/>\n\t<meta name=\"twitter:data1\" content=\"3 minutes\" \/>\n<script type=\"application\/ld+json\" class=\"yoast-schema-graph\">{\"@context\":\"https:\/\/schema.org\",\"@graph\":[{\"@type\":\"WebPage\",\"@id\":\"https:\/\/cog.ca\/fr\/\",\"url\":\"https:\/\/cog.ca\/fr\/\",\"name\":\"Cultivons Biologique Canada\",\"isPartOf\":{\"@id\":\"https:\/\/cog.ca\/#website\"},\"datePublished\":\"2023-07-27T17:22:57+00:00\",\"dateModified\":\"2023-09-25T15:23:16+00:00\",\"breadcrumb\":{\"@id\":\"https:\/\/cog.ca\/fr\/#breadcrumb\"},\"inLanguage\":\"fr-FR\",\"potentialAction\":[{\"@type\":\"ReadAction\",\"target\":[\"https:\/\/cog.ca\/fr\/\"]}]},{\"@type\":\"BreadcrumbList\",\"@id\":\"https:\/\/cog.ca\/fr\/#breadcrumb\",\"itemListElement\":[{\"@type\":\"ListItem\",\"position\":1,\"name\":\"Home\",\"item\":\"https:\/\/cog.ca\/fr\/\"},{\"@type\":\"ListItem\",\"position\":2,\"name\":\"Home FR\"}]},{\"@type\":\"WebSite\",\"@id\":\"https:\/\/cog.ca\/#website\",\"url\":\"https:\/\/cog.ca\/\",\"name\":\"Cultivons Biologique Canada\",\"description\":\"\",\"publisher\":{\"@id\":\"https:\/\/cog.ca\/#organization\"},\"potentialAction\":[{\"@type\":\"SearchAction\",\"target\":{\"@type\":\"EntryPoint\",\"urlTemplate\":\"https:\/\/cog.ca\/?s={search_term_string}\"},\"query-input\":\"required name=search_term_string\"}],\"inLanguage\":\"fr-FR\"},{\"@type\":\"Organization\",\"@id\":\"https:\/\/cog.ca\/#organization\",\"name\":\"Canadian Organic Growers\",\"url\":\"https:\/\/cog.ca\/\",\"logo\":{\"@type\":\"ImageObject\",\"inLanguage\":\"fr-FR\",\"@id\":\"https:\/\/cog.ca\/#\/schema\/logo\/image\/\",\"url\":\"https:\/\/cog.ca\/wp-content\/uploads\/2023\/07\/COG_WhiteLogo_Transparent-1.png\",\"contentUrl\":\"https:\/\/cog.ca\/wp-content\/uploads\/2023\/07\/COG_WhiteLogo_Transparent-1.png\",\"width\":208,\"height\":110,\"caption\":\"Canadian Organic Growers\"},\"image\":{\"@id\":\"https:\/\/cog.ca\/#\/schema\/logo\/image\/\"}}]}<\/script>\n<!-- \/ Yoast SEO plugin. -->","yoast_head_json":{"title":"Cultivons Biologique Canada","robots":{"index":"index","follow":"follow","max-snippet":"max-snippet:-1","max-image-preview":"max-image-preview:large","max-video-preview":"max-video-preview:-1"},"canonical":"https:\/\/cog.ca\/fr\/","og_locale":"fr_FR","og_type":"article","og_title":"Cultivons Biologique Canada","og_description":"\u00c0 propos des Cultivons Biologique Canada COG fait de la sensibilisation, d\u00e9fend et prend l&rsquo;initiative de concevoir un syst\u00e8me agricole au b\u00e9n\u00e9fice des agriculteurs et des consommateurs, qui am\u00e9liore la sant\u00e9 humaine, qui rapproche les communaut\u00e9s et qui combat les changements climatiques tout en augmentant la souverainet\u00e9 alimentaire du Canada. Ressources utiles Nouvelles Events Devenir [&hellip;]","og_url":"https:\/\/cog.ca\/fr\/","og_site_name":"Cultivons Biologique Canada","article_modified_time":"2023-09-25T15:23:16+00:00","og_image":[{"url":"https:\/\/cog.ca\/wp-content\/uploads\/2023\/07\/resource-hub.png"}],"twitter_card":"summary_large_image","twitter_misc":{"Dur\u00e9e de lecture estim\u00e9e":"3 minutes"},"schema":{"@context":"https:\/\/schema.org","@graph":[{"@type":"WebPage","@id":"https:\/\/cog.ca\/fr\/","url":"https:\/\/cog.ca\/fr\/","name":"Cultivons Biologique Canada","isPartOf":{"@id":"https:\/\/cog.ca\/#website"},"datePublished":"2023-07-27T17:22:57+00:00","dateModified":"2023-09-25T15:23:16+00:00","breadcrumb":{"@id":"https:\/\/cog.ca\/fr\/#breadcrumb"},"inLanguage":"fr-FR","potentialAction":[{"@type":"ReadAction","target":["https:\/\/cog.ca\/fr\/"]}]},{"@type":"BreadcrumbList","@id":"https:\/\/cog.ca\/fr\/#breadcrumb","itemListElement":[{"@type":"ListItem","position":1,"name":"Home","item":"https:\/\/cog.ca\/fr\/"},{"@type":"ListItem","position":2,"name":"Home FR"}]},{"@type":"WebSite","@id":"https:\/\/cog.ca\/#website","url":"https:\/\/cog.ca\/","name":"Cultivons Biologique Canada","description":"","publisher":{"@id":"https:\/\/cog.ca\/#organization"},"potentialAction":[{"@type":"SearchAction","target":{"@type":"EntryPoint","urlTemplate":"https:\/\/cog.ca\/?s={search_term_string}"},"query-input":"required name=search_term_string"}],"inLanguage":"fr-FR"},{"@type":"Organization","@id":"https:\/\/cog.ca\/#organization","name":"Canadian Organic Growers","url":"https:\/\/cog.ca\/","logo":{"@type":"ImageObject","inLanguage":"fr-FR","@id":"https:\/\/cog.ca\/#\/schema\/logo\/image\/","url":"https:\/\/cog.ca\/wp-content\/uploads\/2023\/07\/COG_WhiteLogo_Transparent-1.png","contentUrl":"https:\/\/cog.ca\/wp-content\/uploads\/2023\/07\/COG_WhiteLogo_Transparent-1.png","width":208,"height":110,"caption":"Canadian Organic Growers"},"image":{"@id":"https:\/\/cog.ca\/#\/schema\/logo\/image\/"}}]}},"_links":{"self":[{"href":"https:\/\/cog.ca\/fr\/wp-json\/wp\/v2\/pages\/2679","targetHints":{"allow":["GET"]}}],"collection":[{"href":"https:\/\/cog.ca\/fr\/wp-json\/wp\/v2\/pages"}],"about":[{"href":"https:\/\/cog.ca\/fr\/wp-json\/wp\/v2\/types\/page"}],"author":[{"embeddable":true,"href":"https:\/\/cog.ca\/fr\/wp-json\/wp\/v2\/users\/1"}],"replies":[{"embeddable":true,"href":"https:\/\/cog.ca\/fr\/wp-json\/wp\/v2\/comments?post=2679"}],"version-history":[{"count":13,"href":"https:\/\/cog.ca\/fr\/wp-json\/wp\/v2\/pages\/2679\/revisions"}],"predecessor-version":[{"id":3283,"href":"https:\/\/cog.ca\/fr\/wp-json\/wp\/v2\/pages\/2679\/revisions\/3283"}],"wp:attachment":[{"href":"https:\/\/cog.ca\/fr\/wp-json\/wp\/v2\/media?parent=2679"}],"curies":[{"name":"wp","href":"https:\/\/api.w.org\/{rel}","templated":true}]}}