{"id":4061,"date":"2024-03-25T13:30:02","date_gmt":"2024-03-25T17:30:02","guid":{"rendered":"https:\/\/cog.ca\/?post_type=hub&#038;p=4061"},"modified":"2026-08-26T13:46:13","modified_gmt":"2026-08-26T17:46:13","slug":"histoires-dagriculteurs-projection-dun-film-a-loccasion-de-la-journee-internationale-de-la-femme-et-panel-dagriculteurs","status":"publish","type":"hub","link":"https:\/\/cog.ca\/fr\/hub\/histoires-dagriculteurs-projection-dun-film-a-loccasion-de-la-journee-internationale-de-la-femme-et-panel-dagriculteurs\/","title":{"rendered":"Histoires d&rsquo;agriculteurs : Projection d&rsquo;un film \u00e0 l&rsquo;occasion de la Journ\u00e9e internationale de la femme et panel d&rsquo;agriculteurs"},"content":{"rendered":"\n<p class=\"wp-block-paragraph\">Le mars 2024, nous nous sommes r\u00e9unis pour un \u00e9v\u00e9nement virtuel \u00e0 l&rsquo;occasion de la Journ\u00e9e internationale de la femme, mettant en vedette des agricultrices de tout le pays dans des courts m\u00e9trages de la s\u00e9rie Depth of Field du L\u2019Union Nationale des Fermiers, suivi d&rsquo;une table ronde anim\u00e9e par Katie Fettes, directrice des politiques et de la recherche de Cultivons Biologique Canada.<\/p>\n\n\n\n<p class=\"wp-block-paragraph\">Regardez l&rsquo;enregistrement ci-dessous pour entendre les pan\u00e9listes parler de leurs espoirs pour l&rsquo;avenir de l&rsquo;agriculture, de leurs id\u00e9es sur la fa\u00e7on de rendre l&rsquo;agriculture plus inclusive, et des joies et des d\u00e9fis qu&rsquo;elles rencontrent dans l&rsquo;agriculture.<\/p>\n\n\n\n<p class=\"wp-block-paragraph\">Il se peut que, lors du visionnage, la qualit\u00e9 de lecture des vid\u00e9os de l&rsquo;\u00e9v\u00e9nement soit m\u00e9diocre sur votre ordinateur ou en raison de votre connexion Internet. Nous vous conseillons de mettre en pause et de regarder les vid\u00e9os des trois exploitations directement sur la cha\u00eene de la NFU : <a href=\"https:\/\/www.youtube.com\/watch?v=eJb1DFLEzWE&amp;list=PLtRSlGyHZLGhPw62Zr3TY3e48tA0EjBxy&amp;index=12\" target=\"_blank\" rel=\"noopener\">Spring Tide Farm<\/a>,\u00a0<a href=\"https:\/\/www.youtube.com\/watch?v=qWJ37WQZtMA&amp;list=PLtRSlGyHZLGhPw62Zr3TY3e48tA0EjBxy&amp;index=18\" target=\"_blank\" rel=\"noopener\">Prairie Garden Seeds<\/a>,\u00a0<a href=\"https:\/\/www.youtube.com\/watch?v=2CwgNhdS2Uk&amp;list=PLtRSlGyHZLGhPw62Zr3TY3e48tA0EjBxy&amp;index=26\" target=\"_blank\" rel=\"noopener\">Grounded Acres<\/a> \u2013 avant de revenir visionner l&rsquo;int\u00e9gralit\u00e9 de la table ronde ci-dessous (\u00e0 partir de 52 min 30 s).<\/p>\n\n\n\n<p class=\"wp-block-paragraph\">S\u00e9lectionnez l&rsquo;ic\u00f4ne de la roue dent\u00e9e pour activer les sous-titres\/CC, puis s\u00e9lectionnez \u00e0 nouveau l&rsquo;ic\u00f4ne de la roue dent\u00e9e pour choisir la traduction automatique dans la langue de votre choix !<\/p>\n\n\n\n<style>\n  .iframe-container {\n    \/* Optional: add a background to see the container boundaries *\/\n    background-color: #f0f0f0; \n  }\n  iframe {\n    display: block;\n    margin: 0 auto;\n    width: 600px; \/* Set a specific width *\/\n    height: 400px;\n  }\n<\/style>\n\n\n\n<div class=\"iframe-container\">\n<iframe loading=\"lazy\" width=\"560\" height=\"315\" src=\"https:\/\/www.youtube.com\/embed\/W0KM3vJBvN4?si=TTCULlskF1mWesqs\" title=\"YouTube video player\" frameborder=\"0\" allow=\"accelerometer; autoplay; clipboard-write; encrypted-media; gyroscope; picture-in-picture; web-share\" referrerpolicy=\"strict-origin-when-cross-origin\" allowfullscreen=\"\"><\/iframe>\n<\/div>\n\n\n\n<p class=\"wp-block-paragraph\">Nous sommes tr\u00e8s reconnaissants \u00e0 Rebecca MacInnis de Spring Tide Farm, \u00e0 Rachelle Ternier de Prairie Garden Seeds et \u00e0 Mel Sylvestre de Grounded Acres de s&rsquo;\u00eatre joints \u00e0 nous pour ce grand \u00e9v\u00e9nement &#8211; ainsi qu&rsquo;\u00e0 la salle remplie de gens qui se sont joints \u00e0 nous pour regarder, \u00e9couter, participer et apprendre. C&rsquo;\u00e9tait une fa\u00e7on vraiment significative de passer la Journ\u00e9e internationale de la femme.<\/p>\n\n\n\n<p class=\"wp-block-paragraph\">Cet \u00e9v\u00e9nement a \u00e9t\u00e9 pr\u00e9sent\u00e9 par Cultivons Biologique Canada en partenariat avec L\u2019Union Nationale des Fermiers, March Forth Creative et Agriculture et Agroalimentaire Canada. Le financement du projet Depth of Field : Films sur l&rsquo;agriculture a \u00e9t\u00e9 financ\u00e9 par Agriculture et Agroalimentaire Canada dans le cadre du programme AgriCommunication.<\/p>\n\n\n\n<hr class=\"wp-block-separator has-alpha-channel-opacity\"\/>\n\n\n\n<p class=\"wp-block-paragraph\">Voulez-vous entendre d&rsquo;autres histoires d&rsquo;agriculteurs ou revoir les films de Spring Tide Farm, Prairie Garden Seed ou Grounded Acres Organic Farm ? La s\u00e9rie compl\u00e8te de films sur la profondeur de champ peut \u00eatre consult\u00e9e \u00e0 l&rsquo;adresse suivante : <a href=\"https:\/\/nfu.ca\/filmsaboutfarming\">nfu.ca\/filmsaboutfarming<\/a>.<\/p>\n\n\n\n<p class=\"wp-block-paragraph\">Vous souhaitez d\u00e9couvrir d&rsquo;autres t\u00e9moignages d&rsquo;agriculteurs ? Rendez-vous sur notre <a href=\"https:\/\/cog.ca\/fr\/biologiquement-canadien\/\">Carrefour de Ressources Biologiquement Canadien<\/a> pour en savoir plus.<\/p>\n","protected":false},"excerpt":{"rendered":"<p>Consultez l&rsquo;enregistrement pour notre \u00e9v\u00e9nement \u00e0 l&rsquo;occasion de la Journ\u00e9e internationale de la femme, au cours duquel des agricultrices de tout le pays ont \u00e9t\u00e9 pr\u00e9sent\u00e9es dans des courts m\u00e9trages de la s\u00e9rie Profondeur de champ de la NFU, suivis d&rsquo;une table ronde. Entendre les pan\u00e9listes parler de leurs espoirs pour l&rsquo;avenir de l&rsquo;agriculture, et des joies et des d\u00e9fis qu&rsquo;elles rencontrent en tant que femmes dans l&rsquo;agriculture. <\/p>\n","protected":false},"featured_media":4049,"menu_order":5,"template":"","content-type":[80],"topic-category":[71,70],"class_list":["post-4061","hub","type-hub","status-publish","has-post-thumbnail","hentry","content-type-film","topic-category-impacts-environnementaux","topic-category-impacts-sociaux"],"better_featured_image":{"id":4049,"alt_text":"A women holding two chickens at the door of a barn","caption":"","description":"","media_type":"image","media_details":{"width":1000,"height":1500,"file":"2024\/03\/pexels-photo-4911740.jpg","filesize":133201,"sizes":{"medium":{"file":"pexels-photo-4911740-200x300.jpg","width":200,"height":300,"mime-type":"image\/jpeg","filesize":12436,"source_url":"https:\/\/cog.ca\/wp-content\/uploads\/2024\/03\/pexels-photo-4911740-200x300.jpg"},"large":{"file":"pexels-photo-4911740-683x1024.jpg","width":683,"height":1024,"mime-type":"image\/jpeg","filesize":89207,"source_url":"https:\/\/cog.ca\/wp-content\/uploads\/2024\/03\/pexels-photo-4911740-683x1024.jpg"},"thumbnail":{"file":"pexels-photo-4911740-150x150.jpg","width":150,"height":150,"mime-type":"image\/jpeg","filesize":5900,"source_url":"https:\/\/cog.ca\/wp-content\/uploads\/2024\/03\/pexels-photo-4911740-150x150.jpg"},"post-thumbnail":{"file":"pexels-photo-4911740-150x150.jpg","width":150,"height":150,"mime-type":"image\/jpeg","filesize":5900,"source_url":"https:\/\/cog.ca\/wp-content\/uploads\/2024\/03\/pexels-photo-4911740-150x150.jpg"}},"image_meta":{"aperture":"0","credit":"","camera":"","caption":"","created_timestamp":"0","copyright":"","focal_length":"0","iso":"0","shutter_speed":"0","title":"","orientation":"0","keywords":[]}},"post":4048,"source_url":"https:\/\/cog.ca\/wp-content\/uploads\/2024\/03\/pexels-photo-4911740.jpg"},"acf":[],"yoast_head":"<!-- This site is optimized with the Yoast SEO plugin v21.2 - https:\/\/yoast.com\/wordpress\/plugins\/seo\/ -->\n<title>Histoires d&#039;agriculteurs : Projection d&#039;un film \u00e0 l&#039;occasion de la Journ\u00e9e internationale de la femme et panel d&#039;agriculteurs - Cultivons Biologique Canada<\/title>\n<meta name=\"robots\" content=\"index, follow, max-snippet:-1, max-image-preview:large, max-video-preview:-1\" \/>\n<link rel=\"canonical\" href=\"https:\/\/cog.ca\/fr\/hub\/histoires-dagriculteurs-projection-dun-film-a-loccasion-de-la-journee-internationale-de-la-femme-et-panel-dagriculteurs\/\" \/>\n<meta property=\"og:locale\" content=\"fr_FR\" \/>\n<meta property=\"og:type\" content=\"article\" \/>\n<meta property=\"og:title\" content=\"Histoires d&#039;agriculteurs : Projection d&#039;un film \u00e0 l&#039;occasion de la Journ\u00e9e internationale de la femme et panel d&#039;agriculteurs - Cultivons Biologique Canada\" \/>\n<meta property=\"og:description\" content=\"Consultez l&#039;enregistrement pour notre \u00e9v\u00e9nement \u00e0 l&#039;occasion de la Journ\u00e9e internationale de la femme, au cours duquel des agricultrices de tout le pays ont \u00e9t\u00e9 pr\u00e9sent\u00e9es dans des courts m\u00e9trages de la s\u00e9rie Profondeur de champ de la NFU, suivis d&#039;une table ronde. Entendre les pan\u00e9listes parler de leurs espoirs pour l&#039;avenir de l&#039;agriculture, et des joies et des d\u00e9fis qu&#039;elles rencontrent en tant que femmes dans l&#039;agriculture.\" \/>\n<meta property=\"og:url\" content=\"https:\/\/cog.ca\/fr\/hub\/histoires-dagriculteurs-projection-dun-film-a-loccasion-de-la-journee-internationale-de-la-femme-et-panel-dagriculteurs\/\" \/>\n<meta property=\"og:site_name\" content=\"Cultivons Biologique Canada\" \/>\n<meta property=\"article:modified_time\" content=\"2026-08-26T17:46:13+00:00\" \/>\n<meta property=\"og:image\" content=\"https:\/\/cog.ca\/wp-content\/uploads\/2024\/03\/pexels-photo-4911740.jpg\" \/>\n\t<meta property=\"og:image:width\" content=\"1000\" \/>\n\t<meta property=\"og:image:height\" content=\"1500\" \/>\n\t<meta property=\"og:image:type\" content=\"image\/jpeg\" \/>\n<meta name=\"twitter:card\" content=\"summary_large_image\" \/>\n<meta name=\"twitter:label1\" content=\"Dur\u00e9e de lecture estim\u00e9e\" \/>\n\t<meta name=\"twitter:data1\" content=\"2 minutes\" \/>\n<script type=\"application\/ld+json\" class=\"yoast-schema-graph\">{\"@context\":\"https:\/\/schema.org\",\"@graph\":[{\"@type\":\"WebPage\",\"@id\":\"https:\/\/cog.ca\/fr\/hub\/histoires-dagriculteurs-projection-dun-film-a-loccasion-de-la-journee-internationale-de-la-femme-et-panel-dagriculteurs\/\",\"url\":\"https:\/\/cog.ca\/fr\/hub\/histoires-dagriculteurs-projection-dun-film-a-loccasion-de-la-journee-internationale-de-la-femme-et-panel-dagriculteurs\/\",\"name\":\"Histoires d'agriculteurs : Projection d'un film \u00e0 l'occasion de la Journ\u00e9e internationale de la femme et panel d'agriculteurs - Cultivons Biologique Canada\",\"isPartOf\":{\"@id\":\"https:\/\/cog.ca\/#website\"},\"datePublished\":\"2024-03-25T17:30:02+00:00\",\"dateModified\":\"2026-08-26T17:46:13+00:00\",\"breadcrumb\":{\"@id\":\"https:\/\/cog.ca\/fr\/hub\/histoires-dagriculteurs-projection-dun-film-a-loccasion-de-la-journee-internationale-de-la-femme-et-panel-dagriculteurs\/#breadcrumb\"},\"inLanguage\":\"fr-FR\",\"potentialAction\":[{\"@type\":\"ReadAction\",\"target\":[\"https:\/\/cog.ca\/fr\/hub\/histoires-dagriculteurs-projection-dun-film-a-loccasion-de-la-journee-internationale-de-la-femme-et-panel-dagriculteurs\/\"]}]},{\"@type\":\"BreadcrumbList\",\"@id\":\"https:\/\/cog.ca\/fr\/hub\/histoires-dagriculteurs-projection-dun-film-a-loccasion-de-la-journee-internationale-de-la-femme-et-panel-dagriculteurs\/#breadcrumb\",\"itemListElement\":[{\"@type\":\"ListItem\",\"position\":1,\"name\":\"Home\",\"item\":\"https:\/\/cog.ca\/fr\/\"},{\"@type\":\"ListItem\",\"position\":2,\"name\":\"Histoires d&#8217;agriculteurs : Projection d&#8217;un film \u00e0 l&#8217;occasion de la Journ\u00e9e internationale de la femme et panel d&#8217;agriculteurs\"}]},{\"@type\":\"WebSite\",\"@id\":\"https:\/\/cog.ca\/#website\",\"url\":\"https:\/\/cog.ca\/\",\"name\":\"Cultivons Biologique Canada\",\"description\":\"\",\"publisher\":{\"@id\":\"https:\/\/cog.ca\/#organization\"},\"potentialAction\":[{\"@type\":\"SearchAction\",\"target\":{\"@type\":\"EntryPoint\",\"urlTemplate\":\"https:\/\/cog.ca\/?s={search_term_string}\"},\"query-input\":\"required name=search_term_string\"}],\"inLanguage\":\"fr-FR\"},{\"@type\":\"Organization\",\"@id\":\"https:\/\/cog.ca\/#organization\",\"name\":\"Canadian Organic Growers\",\"url\":\"https:\/\/cog.ca\/\",\"logo\":{\"@type\":\"ImageObject\",\"inLanguage\":\"fr-FR\",\"@id\":\"https:\/\/cog.ca\/#\/schema\/logo\/image\/\",\"url\":\"https:\/\/cog.ca\/wp-content\/uploads\/2023\/07\/COG_WhiteLogo_Transparent-1.png\",\"contentUrl\":\"https:\/\/cog.ca\/wp-content\/uploads\/2023\/07\/COG_WhiteLogo_Transparent-1.png\",\"width\":208,\"height\":110,\"caption\":\"Canadian Organic Growers\"},\"image\":{\"@id\":\"https:\/\/cog.ca\/#\/schema\/logo\/image\/\"}}]}<\/script>\n<!-- \/ Yoast SEO plugin. -->","yoast_head_json":{"title":"Histoires d'agriculteurs : Projection d'un film \u00e0 l'occasion de la Journ\u00e9e internationale de la femme et panel d'agriculteurs - Cultivons Biologique Canada","robots":{"index":"index","follow":"follow","max-snippet":"max-snippet:-1","max-image-preview":"max-image-preview:large","max-video-preview":"max-video-preview:-1"},"canonical":"https:\/\/cog.ca\/fr\/hub\/histoires-dagriculteurs-projection-dun-film-a-loccasion-de-la-journee-internationale-de-la-femme-et-panel-dagriculteurs\/","og_locale":"fr_FR","og_type":"article","og_title":"Histoires d'agriculteurs : Projection d'un film \u00e0 l'occasion de la Journ\u00e9e internationale de la femme et panel d'agriculteurs - Cultivons Biologique Canada","og_description":"Consultez l'enregistrement pour notre \u00e9v\u00e9nement \u00e0 l'occasion de la Journ\u00e9e internationale de la femme, au cours duquel des agricultrices de tout le pays ont \u00e9t\u00e9 pr\u00e9sent\u00e9es dans des courts m\u00e9trages de la s\u00e9rie Profondeur de champ de la NFU, suivis d'une table ronde. Entendre les pan\u00e9listes parler de leurs espoirs pour l'avenir de l'agriculture, et des joies et des d\u00e9fis qu'elles rencontrent en tant que femmes dans l'agriculture.","og_url":"https:\/\/cog.ca\/fr\/hub\/histoires-dagriculteurs-projection-dun-film-a-loccasion-de-la-journee-internationale-de-la-femme-et-panel-dagriculteurs\/","og_site_name":"Cultivons Biologique Canada","article_modified_time":"2026-08-26T17:46:13+00:00","og_image":[{"width":1000,"height":1500,"url":"https:\/\/cog.ca\/wp-content\/uploads\/2024\/03\/pexels-photo-4911740.jpg","type":"image\/jpeg"}],"twitter_card":"summary_large_image","twitter_misc":{"Dur\u00e9e de lecture estim\u00e9e":"2 minutes"},"schema":{"@context":"https:\/\/schema.org","@graph":[{"@type":"WebPage","@id":"https:\/\/cog.ca\/fr\/hub\/histoires-dagriculteurs-projection-dun-film-a-loccasion-de-la-journee-internationale-de-la-femme-et-panel-dagriculteurs\/","url":"https:\/\/cog.ca\/fr\/hub\/histoires-dagriculteurs-projection-dun-film-a-loccasion-de-la-journee-internationale-de-la-femme-et-panel-dagriculteurs\/","name":"Histoires d'agriculteurs : Projection d'un film \u00e0 l'occasion de la Journ\u00e9e internationale de la femme et panel d'agriculteurs - Cultivons Biologique Canada","isPartOf":{"@id":"https:\/\/cog.ca\/#website"},"datePublished":"2024-03-25T17:30:02+00:00","dateModified":"2026-08-26T17:46:13+00:00","breadcrumb":{"@id":"https:\/\/cog.ca\/fr\/hub\/histoires-dagriculteurs-projection-dun-film-a-loccasion-de-la-journee-internationale-de-la-femme-et-panel-dagriculteurs\/#breadcrumb"},"inLanguage":"fr-FR","potentialAction":[{"@type":"ReadAction","target":["https:\/\/cog.ca\/fr\/hub\/histoires-dagriculteurs-projection-dun-film-a-loccasion-de-la-journee-internationale-de-la-femme-et-panel-dagriculteurs\/"]}]},{"@type":"BreadcrumbList","@id":"https:\/\/cog.ca\/fr\/hub\/histoires-dagriculteurs-projection-dun-film-a-loccasion-de-la-journee-internationale-de-la-femme-et-panel-dagriculteurs\/#breadcrumb","itemListElement":[{"@type":"ListItem","position":1,"name":"Home","item":"https:\/\/cog.ca\/fr\/"},{"@type":"ListItem","position":2,"name":"Histoires d&#8217;agriculteurs : Projection d&#8217;un film \u00e0 l&#8217;occasion de la Journ\u00e9e internationale de la femme et panel d&#8217;agriculteurs"}]},{"@type":"WebSite","@id":"https:\/\/cog.ca\/#website","url":"https:\/\/cog.ca\/","name":"Cultivons Biologique Canada","description":"","publisher":{"@id":"https:\/\/cog.ca\/#organization"},"potentialAction":[{"@type":"SearchAction","target":{"@type":"EntryPoint","urlTemplate":"https:\/\/cog.ca\/?s={search_term_string}"},"query-input":"required name=search_term_string"}],"inLanguage":"fr-FR"},{"@type":"Organization","@id":"https:\/\/cog.ca\/#organization","name":"Canadian Organic Growers","url":"https:\/\/cog.ca\/","logo":{"@type":"ImageObject","inLanguage":"fr-FR","@id":"https:\/\/cog.ca\/#\/schema\/logo\/image\/","url":"https:\/\/cog.ca\/wp-content\/uploads\/2023\/07\/COG_WhiteLogo_Transparent-1.png","contentUrl":"https:\/\/cog.ca\/wp-content\/uploads\/2023\/07\/COG_WhiteLogo_Transparent-1.png","width":208,"height":110,"caption":"Canadian Organic Growers"},"image":{"@id":"https:\/\/cog.ca\/#\/schema\/logo\/image\/"}}]}},"_links":{"self":[{"href":"https:\/\/cog.ca\/fr\/wp-json\/wp\/v2\/hub\/4061","targetHints":{"allow":["GET"]}}],"collection":[{"href":"https:\/\/cog.ca\/fr\/wp-json\/wp\/v2\/hub"}],"about":[{"href":"https:\/\/cog.ca\/fr\/wp-json\/wp\/v2\/types\/hub"}],"wp:featuredmedia":[{"embeddable":true,"href":"https:\/\/cog.ca\/fr\/wp-json\/wp\/v2\/media\/4049"}],"wp:attachment":[{"href":"https:\/\/cog.ca\/fr\/wp-json\/wp\/v2\/media?parent=4061"}],"wp:term":[{"taxonomy":"content-type","embeddable":true,"href":"https:\/\/cog.ca\/fr\/wp-json\/wp\/v2\/content-type?post=4061"},{"taxonomy":"topic-category","embeddable":true,"href":"https:\/\/cog.ca\/fr\/wp-json\/wp\/v2\/topic-category?post=4061"}],"curies":[{"name":"wp","href":"https:\/\/api.w.org\/{rel}","templated":true}]}}